{"id":14626,"date":"2022-05-02T10:55:38","date_gmt":"2022-05-02T09:55:38","guid":{"rendered":"https:\/\/mallorcainc.com\/property\/5940d-palma-de-mallorca-old-finca-with-huge-plot\/"},"modified":"2023-03-29T08:56:30","modified_gmt":"2023-03-29T07:56:30","slug":"5940d-palma-de-mallorca-alte-finca-mit-riesigem-grundstueck","status":"publish","type":"rem_property","link":"https:\/\/mallorcainc.com\/de\/property\/5940d-palma-de-mallorca-alte-finca-mit-riesigem-grundstueck\/","title":{"rendered":"5940D PALMA DE MALLORCA &#8211; ALTE FINCA MIT RIESIGEM GRUNDST\u00dcCK"},"content":{"rendered":"<p><span style=\"font-weight: 400;\">Ref. 5940D\u00a0<\/span><\/p>\n<p><span style=\"font-weight: 400;\">Sehr interessante Immobilie in Palma.<\/span><\/p>\n<p><span style=\"font-weight: 400;\">Auf einem gro\u00dfz\u00fcgigen Grundst\u00fcck von 21.000 m\u00b2 finden wir ein altes Haus von fast 400 m\u00b2 bebauter Fl\u00e4che, davon 350 Wohnfl\u00e4che: voller vieler Details und Geschichte.<\/span><\/p>\n<p><span style=\"font-weight: 400;\">Das Geb\u00e4ude ist sanierungsbed\u00fcrftig, eignet sich aber aufgrund der attraktiven Lage auch ideal als Kapitalanlage. Ideal als ger\u00e4umiges Landhaus f\u00fcr eine gro\u00dfe Familie oder als landwirtschaftlicher Betrieb, mit sehr einfachem Zugang und zahlreichen M\u00f6glichkeiten, braucht dieses einzigartige Anwesen einen cleveren Investor, der sein volles Potenzial entfalten kann.<\/span><\/p>\n<p><span style=\"font-weight: 400;\">Das Hotel liegt nur 5 Minuten vom Zentrum von Palma entfernt, umgeben von \u00f6ffentlichen Verkehrsmitteln, Bars, Restaurants und vielen Gesch\u00e4ften.<\/span><\/p>\n<p>&nbsp;<\/p>\n","protected":false},"excerpt":{"rendered":"<p>Ref. 5940D\u00a0 Sehr interessante Immobilie in Palma. Auf einem gro\u00dfz\u00fcgigen Grundst\u00fcck von 21.000 m\u00b2 finden wir ein altes Haus von fast 400 m\u00b2 bebauter Fl\u00e4che, davon 350 Wohnfl\u00e4che: voller vieler&#8230;<\/p>\n","protected":false},"author":4,"featured_media":14619,"template":"","rem_property_cat":[56],"yoast_head":"<!-- This site is optimized with the Yoast SEO plugin v18.4.1 - https:\/\/yoast.com\/wordpress\/plugins\/seo\/ -->\n<title>5940D PALMA DE MALLORCA - ALTE FINCA MIT RIESIGEM GRUNDST\u00dcCK - Mallorca Inc<\/title>\n<meta name=\"robots\" content=\"index, follow, max-snippet:-1, max-image-preview:large, max-video-preview:-1\" \/>\n<link rel=\"canonical\" href=\"https:\/\/mallorcainc.com\/de\/property\/5940d-palma-de-mallorca-alte-finca-mit-riesigem-grundstueck\/\" \/>\n<meta property=\"og:locale\" content=\"de_DE\" \/>\n<meta property=\"og:type\" content=\"article\" \/>\n<meta property=\"og:title\" content=\"5940D PALMA DE MALLORCA - ALTE FINCA MIT RIESIGEM GRUNDST\u00dcCK - Mallorca Inc\" \/>\n<meta property=\"og:description\" content=\"Ref. 5940D\u00a0 Sehr interessante Immobilie in Palma. Auf einem gro\u00dfz\u00fcgigen Grundst\u00fcck von 21.000 m\u00b2 finden wir ein altes Haus von fast 400 m\u00b2 bebauter Fl\u00e4che, davon 350 Wohnfl\u00e4che: voller vieler...\" \/>\n<meta property=\"og:url\" content=\"https:\/\/mallorcainc.com\/de\/property\/5940d-palma-de-mallorca-alte-finca-mit-riesigem-grundstueck\/\" \/>\n<meta property=\"og:site_name\" content=\"Mallorca Inc\" \/>\n<meta property=\"article:modified_time\" content=\"2023-03-29T07:56:30+00:00\" \/>\n<meta property=\"og:image\" content=\"https:\/\/mallorcainc.com\/wp-content\/uploads\/2022\/05\/20160315_102124.jpg\" \/>\n\t<meta property=\"og:image:width\" content=\"1024\" \/>\n\t<meta property=\"og:image:height\" content=\"576\" \/>\n\t<meta property=\"og:image:type\" content=\"image\/jpeg\" \/>\n<meta name=\"twitter:card\" content=\"summary_large_image\" \/>\n<meta name=\"twitter:label1\" content=\"Gesch\u00e4tzte Lesezeit\" \/>\n\t<meta name=\"twitter:data1\" content=\"1\u00a0Minute\" \/>\n<script type=\"application\/ld+json\" class=\"yoast-schema-graph\">{\"@context\":\"https:\/\/schema.org\",\"@graph\":[{\"@type\":\"WebSite\",\"@id\":\"https:\/\/mallorcainc.com\/de\/#website\",\"url\":\"https:\/\/mallorcainc.com\/de\/\",\"name\":\"Mallorca Inc\",\"description\":\"Real Estate Mallorca\",\"potentialAction\":[{\"@type\":\"SearchAction\",\"target\":{\"@type\":\"EntryPoint\",\"urlTemplate\":\"https:\/\/mallorcainc.com\/de\/?s={search_term_string}\"},\"query-input\":\"required name=search_term_string\"}],\"inLanguage\":\"de\"},{\"@type\":\"ImageObject\",\"@id\":\"https:\/\/mallorcainc.com\/de\/property\/5940d-palma-de-mallorca-alte-finca-mit-riesigem-grundstueck\/#primaryimage\",\"inLanguage\":\"de\",\"url\":\"https:\/\/mallorcainc.com\/wp-content\/uploads\/2022\/05\/20160315_102124.jpg\",\"contentUrl\":\"https:\/\/mallorcainc.com\/wp-content\/uploads\/2022\/05\/20160315_102124.jpg\",\"width\":1024,\"height\":576},{\"@type\":\"WebPage\",\"@id\":\"https:\/\/mallorcainc.com\/de\/property\/5940d-palma-de-mallorca-alte-finca-mit-riesigem-grundstueck\/#webpage\",\"url\":\"https:\/\/mallorcainc.com\/de\/property\/5940d-palma-de-mallorca-alte-finca-mit-riesigem-grundstueck\/\",\"name\":\"5940D PALMA DE MALLORCA - ALTE FINCA MIT RIESIGEM GRUNDST\u00dcCK - Mallorca Inc\",\"isPartOf\":{\"@id\":\"https:\/\/mallorcainc.com\/de\/#website\"},\"primaryImageOfPage\":{\"@id\":\"https:\/\/mallorcainc.com\/de\/property\/5940d-palma-de-mallorca-alte-finca-mit-riesigem-grundstueck\/#primaryimage\"},\"datePublished\":\"2022-05-02T09:55:38+00:00\",\"dateModified\":\"2023-03-29T07:56:30+00:00\",\"breadcrumb\":{\"@id\":\"https:\/\/mallorcainc.com\/de\/property\/5940d-palma-de-mallorca-alte-finca-mit-riesigem-grundstueck\/#breadcrumb\"},\"inLanguage\":\"de\",\"potentialAction\":[{\"@type\":\"ReadAction\",\"target\":[\"https:\/\/mallorcainc.com\/de\/property\/5940d-palma-de-mallorca-alte-finca-mit-riesigem-grundstueck\/\"]}]},{\"@type\":\"BreadcrumbList\",\"@id\":\"https:\/\/mallorcainc.com\/de\/property\/5940d-palma-de-mallorca-alte-finca-mit-riesigem-grundstueck\/#breadcrumb\",\"itemListElement\":[{\"@type\":\"ListItem\",\"position\":1,\"name\":\"Home\",\"item\":\"https:\/\/mallorcainc.com\/de\/\"},{\"@type\":\"ListItem\",\"position\":2,\"name\":\"Immobilien\",\"item\":\"https:\/\/mallorcainc.com\/de\/property\/\"},{\"@type\":\"ListItem\",\"position\":3,\"name\":\"5940D PALMA DE MALLORCA &#8211; ALTE FINCA MIT RIESIGEM GRUNDST\u00dcCK\"}]}]}<\/script>\n<!-- \/ Yoast SEO plugin. -->","yoast_head_json":{"title":"5940D PALMA DE MALLORCA - ALTE FINCA MIT RIESIGEM GRUNDST\u00dcCK - Mallorca Inc","robots":{"index":"index","follow":"follow","max-snippet":"max-snippet:-1","max-image-preview":"max-image-preview:large","max-video-preview":"max-video-preview:-1"},"canonical":"https:\/\/mallorcainc.com\/de\/property\/5940d-palma-de-mallorca-alte-finca-mit-riesigem-grundstueck\/","og_locale":"de_DE","og_type":"article","og_title":"5940D PALMA DE MALLORCA - ALTE FINCA MIT RIESIGEM GRUNDST\u00dcCK - Mallorca Inc","og_description":"Ref. 5940D\u00a0 Sehr interessante Immobilie in Palma. Auf einem gro\u00dfz\u00fcgigen Grundst\u00fcck von 21.000 m\u00b2 finden wir ein altes Haus von fast 400 m\u00b2 bebauter Fl\u00e4che, davon 350 Wohnfl\u00e4che: voller vieler...","og_url":"https:\/\/mallorcainc.com\/de\/property\/5940d-palma-de-mallorca-alte-finca-mit-riesigem-grundstueck\/","og_site_name":"Mallorca Inc","article_modified_time":"2023-03-29T07:56:30+00:00","og_image":[{"width":1024,"height":576,"url":"https:\/\/mallorcainc.com\/wp-content\/uploads\/2022\/05\/20160315_102124.jpg","type":"image\/jpeg"}],"twitter_card":"summary_large_image","twitter_misc":{"Gesch\u00e4tzte Lesezeit":"1\u00a0Minute"},"schema":{"@context":"https:\/\/schema.org","@graph":[{"@type":"WebSite","@id":"https:\/\/mallorcainc.com\/de\/#website","url":"https:\/\/mallorcainc.com\/de\/","name":"Mallorca Inc","description":"Real Estate Mallorca","potentialAction":[{"@type":"SearchAction","target":{"@type":"EntryPoint","urlTemplate":"https:\/\/mallorcainc.com\/de\/?s={search_term_string}"},"query-input":"required name=search_term_string"}],"inLanguage":"de"},{"@type":"ImageObject","@id":"https:\/\/mallorcainc.com\/de\/property\/5940d-palma-de-mallorca-alte-finca-mit-riesigem-grundstueck\/#primaryimage","inLanguage":"de","url":"https:\/\/mallorcainc.com\/wp-content\/uploads\/2022\/05\/20160315_102124.jpg","contentUrl":"https:\/\/mallorcainc.com\/wp-content\/uploads\/2022\/05\/20160315_102124.jpg","width":1024,"height":576},{"@type":"WebPage","@id":"https:\/\/mallorcainc.com\/de\/property\/5940d-palma-de-mallorca-alte-finca-mit-riesigem-grundstueck\/#webpage","url":"https:\/\/mallorcainc.com\/de\/property\/5940d-palma-de-mallorca-alte-finca-mit-riesigem-grundstueck\/","name":"5940D PALMA DE MALLORCA - ALTE FINCA MIT RIESIGEM GRUNDST\u00dcCK - Mallorca Inc","isPartOf":{"@id":"https:\/\/mallorcainc.com\/de\/#website"},"primaryImageOfPage":{"@id":"https:\/\/mallorcainc.com\/de\/property\/5940d-palma-de-mallorca-alte-finca-mit-riesigem-grundstueck\/#primaryimage"},"datePublished":"2022-05-02T09:55:38+00:00","dateModified":"2023-03-29T07:56:30+00:00","breadcrumb":{"@id":"https:\/\/mallorcainc.com\/de\/property\/5940d-palma-de-mallorca-alte-finca-mit-riesigem-grundstueck\/#breadcrumb"},"inLanguage":"de","potentialAction":[{"@type":"ReadAction","target":["https:\/\/mallorcainc.com\/de\/property\/5940d-palma-de-mallorca-alte-finca-mit-riesigem-grundstueck\/"]}]},{"@type":"BreadcrumbList","@id":"https:\/\/mallorcainc.com\/de\/property\/5940d-palma-de-mallorca-alte-finca-mit-riesigem-grundstueck\/#breadcrumb","itemListElement":[{"@type":"ListItem","position":1,"name":"Home","item":"https:\/\/mallorcainc.com\/de\/"},{"@type":"ListItem","position":2,"name":"Immobilien","item":"https:\/\/mallorcainc.com\/de\/property\/"},{"@type":"ListItem","position":3,"name":"5940D PALMA DE MALLORCA &#8211; ALTE FINCA MIT RIESIGEM GRUNDST\u00dcCK"}]}]}},"_links":{"self":[{"href":"https:\/\/mallorcainc.com\/de\/wp-json\/wp\/v2\/properties\/14626\/"}],"collection":[{"href":"https:\/\/mallorcainc.com\/de\/wp-json\/wp\/v2\/properties\/"}],"about":[{"href":"https:\/\/mallorcainc.com\/de\/wp-json\/wp\/v2\/types\/rem_property\/"}],"author":[{"embeddable":true,"href":"https:\/\/mallorcainc.com\/de\/wp-json\/wp\/v2\/users\/4\/"}],"wp:featuredmedia":[{"embeddable":true,"href":"https:\/\/mallorcainc.com\/de\/wp-json\/wp\/v2\/media\/14619\/"}],"wp:attachment":[{"href":"https:\/\/mallorcainc.com\/de\/wp-json\/wp\/v2\/media\/?parent=14626"}],"wp:term":[{"taxonomy":"rem_property_cat","embeddable":true,"href":"https:\/\/mallorcainc.com\/de\/wp-json\/wp\/v2\/rem_property_cat\/?post=14626"}],"curies":[{"name":"wp","href":"https:\/\/api.w.org\/{rel}","templated":true}]}}